{"id":6249,"date":"2023-06-07T09:56:34","date_gmt":"2023-06-07T09:56:34","guid":{"rendered":"https:\/\/groc-restaurant.cat\/politica-de-privacidad\/"},"modified":"2024-08-09T09:29:23","modified_gmt":"2024-08-09T09:29:23","slug":"politica-de-privacidad","status":"publish","type":"page","link":"https:\/\/groc-restaurant.cat\/es\/politica-de-privacidad\/","title":{"rendered":"Pol\u00edtica de privacidad"},"content":{"rendered":"<div class=\"wpb-content-wrapper\">[vc_row remove_bottom_col_margin=\u00bbtrue\u00bb css=\u00bb.vc_custom_1722590782122{padding-top: 70px !important;padding-bottom: 70px !important;}\u00bb][vc_column][vc_column_text css=\u00bb\u00bb]\n<h2>POL\u00cdTICA DE PRIVACIDAD Y PROTECCI\u00d3N DE DATOS<\/h2>\n<p> En cumplimiento del Reglamento (UE) 2016\/679 del Parlamento Europeo y del Consejo, de 27 de abril de 2016, relativo a la protecci\u00f3n de las personas f\u00edsicas en lo que respecta al tratamiento de datos personales, por lo que se deroga la directiva 95 \/46\/CE (en adelante, RGPD), de la Ley 34\/2002, de 11 de julio, de servicios de la sociedad de la informaci\u00f3n y comercio electr\u00f3nico (en adelante, LSSI-CE) y de la Ley Org\u00e1nica 3\/2018 , de Protecci\u00f3n de Datos Personales y garant\u00eda de los derechos digitales (en adelante, LOPDGDD), el sitio web garantiza la protecci\u00f3n y confidencialidad de las datos personales, de cualquier tipo que nos proporcionen nuestros clientes, de acuerdo con lo dispuesto en el Reglamento General de Protecci\u00f3n de Datos de Car\u00e1cter Personal. Las datos facilitados ser\u00e1n tratados en los t\u00e9rminos establecidos en el RGPD, en este sentido el sitio web ha adoptado los niveles de protecci\u00f3n que legalmente se exigen, y ha instalado todas las medidas t\u00e9cnicas al alcance para evitar la p\u00e9rdida, mal uso, alteraci\u00f3n, acceso no autorizado por terceros, expuestos a continuaci\u00f3n. Sin embargo, el usuario debe ser consciente de que las medidas de seguridad en Internet no son inexpugnables. <strong>Responsable del tratamiento<\/strong> N\u00famero del titular: Guillem Savall Parera Domicilio social: Calle Santa Madrona, 56, Bajos, 08911 Badalona, Barcelona CIF: 43559898Z Tel\u00e9fono de contacto: <span style=\"background-color: var(--wpex-surface-1); font-size: var(--wpex-body-font-size, 13px);\">933 526 678<\/span> Correo electr\u00f3nico: <span style=\"background-color: var(--wpex-surface-1); font-size: var(--wpex-body-font-size, 13px);\">info@groc-restaurant.com<\/span> <strong>Finalidad del tratamiento<\/strong> las datos facilitados por nuestros clientes y\/o visitantes en la web del sitio web oa su personal, ser\u00e1n incluidas en registro de actividades de tratamiento de datos de car\u00e1cter personal, creado y mantenido bajo la responsabilidad del sitio web, imprescindibles para prestarlos servicios solicitados por los usuarios, o para resolver los dudas o cuestiones planteadas por nuestros visitantes. Nuestra pol\u00edtica es no elaborar perfiles sobre los usuarios de nuestros servicios. <strong>Legitimidad del tratamiento<\/strong><\/p>\n<ol type=\"a\">\n<li> Relaci\u00f3n contractual: Es la que aplica cuando compra uno de nuestros productos o contrata alguno de nuestros servicios.<\/li>\n<li> Inter\u00e9s leg\u00edtimo: Por atener a las consultas y reclamaciones que nos plantee y por gestionar el cobro de las cantidades adeudadas.<\/li>\n<li> Su consentimiento: Si es usuario de nuestra web, mediante la marcaci\u00f3n de la casilla que figura en el formulario de contacto, nos autoriza a que le remitamos las comunicaciones necesarias para dar respuesta a la consulta o solicitud de informaci\u00f3n planteada.<\/li>\n<\/ol>\n<p> <strong>Destinatarios<\/strong> No cedemos sus datos personales a nadie, a excepci\u00f3n de aquellas entidades p\u00fablicas o privadas a las que estemos obligados a facilitar sus datos personales con motivo del cumplimiento de alguna ley. Por poner un ejemplo, la Ley Tributaria obliga a facilitar a la Agencia Tributaria determinada informaci\u00f3n sobre operaciones econ\u00f3micas que superan una determinada cantidad. En caso de que, al margen de los supuestos comentados, necesitemos dar a conocer su informaci\u00f3n personal a otras entidades, le solicitaremos previamente su permiso a trav\u00e9s de opciones claras que le permitir\u00e1n decidir al respecto. <strong>Comunicaci\u00f3n<\/strong> No realizaremos transferencias internacionales de sus datos personales para ninguna de las finalidades indicadas. <strong>Conservaci\u00f3n<\/strong> Solo conservaremos sus datos personales durante el tiempo que resulte necesario para conseguir los fines para los que fueron recabados. A la hora de determinar el oportuno per\u00edodo de conservaci\u00f3n, examinamos los riesgos que conlleva el tratamiento, as\u00ed como nuestras obligaciones contractuales, legales y normativas, las pol\u00edticas internas de conservaci\u00f3n de datos y nuestros intereses de negocio leg\u00edtimos descritos en el presente Aviso de Privacidad y Pol\u00edtica de Cookies. En este sentido, el sitio web conservar\u00e1 las datos personales una vez terminada su relaci\u00f3n con Ud., debidamente bloqueados, durante el plazo de prescripci\u00f3n de las acciones que pudieran derivarse de la relaci\u00f3n mantenida con el interesado. Una vez bloqueados, sus datos resultar\u00e1n inaccesibles para el sitio web, y no ser\u00e1n tratados salvo para su puesta a disposici\u00f3n en las Administraciones p\u00fablicas, Jueces y Tribunales, para la atenci\u00f3n de las posibles responsabilidades nacidas de los tratamientos, as\u00ed como para el ejercicio y defensa de reclamaciones ante la Agencia Espa\u00f1ola de Protecci\u00f3n de Datos. <strong>Seguridad<\/strong> Empleamos todos los esfuerzos razonables para mantener la confidencialidad de la informaci\u00f3n personal que se trate en nuestros sistemas. Mantenemos estrictos niveles de seguridad para proteger las datos de car\u00e1cter personal que procesamos frente a p\u00e9rdidas fortuitas ya accesos, tratamientos o revelaciones no autorizados, habida cuenta del estado de la tecnolog\u00eda, la naturaleza y los riesgos a que est\u00e1n expuestas las datos. Sin embargo, no podemos responsabilizarnos del uso que Ud. haga de las datos (incluido usuario y contrase\u00f1a) que utilice en nuestra web. Nuestro personal sea estrictas normas de privacidad y en el caso de que contratemos a terceros para prestar servicios de soporte, les exigimos que acaten las mismas normas y nos permitan auditarlas para verificar su cumplimiento. <strong>Sus derechos<\/strong> Le informamos que podr\u00e1 ejercer los siguientes derechos:<\/p>\n<ol type=\"a\">\n<li> Derecho de acceso a sus datos personales, para saber cu\u00e1les est\u00e1n siendo objeto de tratamiento y las operaciones de tratamiento llevadas a cabo con ellos;<\/li>\n<li> Derecho de rectificaci\u00f3n de cualquier dato personal inexacto;<\/li>\n<li> Derecho de supresi\u00f3n de sus datos personales, cuando esto sea posible (por ejemplo, por imperativo legal);<\/li>\n<li> Derecho de limitaci\u00f3n del tratamiento de sus datos personales cuando la exactitud, legalidad o necesidad del tratamiento de las datos resulte dudosa, en cuyo caso, podremos conservarlos para el ejercicio o la defensa de reclamaciones.<\/li>\n<li> Derecho de oposici\u00f3n al tratamiento de sus datos personales, cuando la base legal que nos habilite para el tratamiento de las indicadas sea nuestro inter\u00e9s leg\u00edtimo. El sitio web dejar\u00e1 de tratar tus datos salvo que tenga un inter\u00e9s leg\u00edtimo o sea necesario para la defensa de reclamaciones.<\/li>\n<li> Derecho a la portabilidad de sus datos, cuando la base legal que nos habilite para su tratamiento sea la existencia de una relaci\u00f3n contractual o su consentimiento.<\/li>\n<li> Derecho a revocar el consentimiento otorgado al sitio web<\/li>\n<\/ol>\n<p> Para ejercitar sus derechos, puede hacerlo de forma gratuita y en cualquier momento contactando con nosotros en la direcci\u00f3n C\/ Cam\u00ed Ral, 552-554 \u2013 Matar\u00f3, adjuntando copia de su DNI. <strong>Tutela de derechos<\/strong> En caso de que entienda que sus derechos han sido desatendidos por nuestra entidad, puede formular una reclamaci\u00f3n en la Agencia Espa\u00f1ola de Protecci\u00f3n de Datos, a trav\u00e9s de alguno de los siguientes medios:<\/p>\n<ul>\n<li> Sede electr\u00f3nica: <a href=\"https:\/\/www.aepd.es\/\">https:\/\/www.aepd.es<\/a><\/li>\n<li> Correo postal: Agencia Espa\u00f1ola de Protecci\u00f3n de Datos, C\/ Jorge Juan, 6, 28001, Madrid<\/li>\n<li> Tel\u00e9fono: 901.100.099 y 912.663.517<\/li>\n<\/ul>\n<p> Formular una reclamaci\u00f3n en la Agencia Espa\u00f1ola de Protecci\u00f3n de Datos no conlleva ning\u00fan coste y no es necesaria la asistencia de abogado ni procurador. <strong>Actualizaciones<\/strong> el sitio web se reserva el derecho a modificar la presente pol\u00edtica para adaptarla a novedades legistlativas o jurisprudenciales que puedan afectar al cumplimiento de la misma.[\/vc_column_text][\/vc_column][\/vc_row]\n<\/div>","protected":false},"excerpt":{"rendered":"<p>[vc_row remove_bottom_col_margin=\u00bbtrue\u00bb css=\u00bb.vc_custom_1722590782122{padding-top: 70px !important;padding-bottom: 70px !important;}\u00bb][vc_column][vc_column_text css=\u00bb\u00bb] POL\u00cdTICA DE PRIVACIDAD Y PROTECCI\u00d3N DE DATOS En cumplimiento del Reglamento (UE) 2016\/679 del Parlamento Europeo y del Consejo, de 27 de abril de 2016, relativo a la protecci\u00f3n de las personas f\u00edsicas en lo que respecta al tratamiento de datos personales, por lo que se deroga&hellip;<\/p>\n","protected":false},"author":1,"featured_media":0,"parent":0,"menu_order":0,"comment_status":"closed","ping_status":"closed","template":"","meta":{"footnotes":""},"class_list":["post-6249","page","type-page","status-publish","hentry","entry","no-media"],"yoast_head":"<!-- This site is optimized with the Yoast SEO plugin v23.1 - https:\/\/yoast.com\/wordpress\/plugins\/seo\/ -->\n<title>Pol\u00edtica de privacidad - Groc Restaurant<\/title>\n<meta name=\"robots\" content=\"index, follow, max-snippet:-1, max-image-preview:large, max-video-preview:-1\" \/>\n<link rel=\"canonical\" href=\"https:\/\/groc-restaurant.cat\/politica-de-privacitat\/\" \/>\n<meta property=\"og:locale\" content=\"es_ES\" \/>\n<meta property=\"og:type\" content=\"article\" \/>\n<meta property=\"og:title\" content=\"Pol\u00edtica de privacidad - Groc Restaurant\" \/>\n<meta property=\"og:description\" content=\"[vc_row remove_bottom_col_margin=\u00bbtrue\u00bb css=\u00bb.vc_custom_1722590782122{padding-top: 70px !important;padding-bottom: 70px !important;}\u00bb][vc_column][vc_column_text css=\u00bb\u00bb] POL\u00cdTICA DE PRIVACIDAD Y PROTECCI\u00d3N DE DATOS En cumplimiento del Reglamento (UE) 2016\/679 del Parlamento Europeo y del Consejo, de 27 de abril de 2016, relativo a la protecci\u00f3n de las personas f\u00edsicas en lo que respecta al tratamiento de datos personales, por lo que se deroga&hellip;\" \/>\n<meta property=\"og:url\" content=\"https:\/\/groc-restaurant.cat\/politica-de-privacitat\/\" \/>\n<meta property=\"og:site_name\" content=\"Groc Restaurant\" \/>\n<meta property=\"article:modified_time\" content=\"2024-08-09T09:29:23+00:00\" \/>\n<meta name=\"twitter:card\" content=\"summary_large_image\" \/>\n<meta name=\"twitter:label1\" content=\"Tiempo de lectura\" \/>\n\t<meta name=\"twitter:data1\" content=\"6 minutos\" \/>\n<script type=\"application\/ld+json\" class=\"yoast-schema-graph\">{\"@context\":\"https:\/\/schema.org\",\"@graph\":[{\"@type\":\"WebPage\",\"@id\":\"https:\/\/groc-restaurant.cat\/politica-de-privacitat\/\",\"url\":\"https:\/\/groc-restaurant.cat\/politica-de-privacitat\/\",\"name\":\"Pol\u00edtica de privacidad - Groc Restaurant\",\"isPartOf\":{\"@id\":\"https:\/\/groc-restaurant.cat\/#website\"},\"datePublished\":\"2023-06-07T09:56:34+00:00\",\"dateModified\":\"2024-08-09T09:29:23+00:00\",\"breadcrumb\":{\"@id\":\"https:\/\/groc-restaurant.cat\/politica-de-privacitat\/#breadcrumb\"},\"inLanguage\":\"es\",\"potentialAction\":[{\"@type\":\"ReadAction\",\"target\":[\"https:\/\/groc-restaurant.cat\/politica-de-privacitat\/\"]}]},{\"@type\":\"BreadcrumbList\",\"@id\":\"https:\/\/groc-restaurant.cat\/politica-de-privacitat\/#breadcrumb\",\"itemListElement\":[{\"@type\":\"ListItem\",\"position\":1,\"name\":\"Home\",\"item\":\"https:\/\/groc-restaurant.cat\/es\/\"},{\"@type\":\"ListItem\",\"position\":2,\"name\":\"Pol\u00edtica de privacidad\"}]},{\"@type\":\"WebSite\",\"@id\":\"https:\/\/groc-restaurant.cat\/#website\",\"url\":\"https:\/\/groc-restaurant.cat\/\",\"name\":\"Groc Restaurant\",\"description\":\"Cetrex new project\",\"publisher\":{\"@id\":\"https:\/\/groc-restaurant.cat\/#organization\"},\"potentialAction\":[{\"@type\":\"SearchAction\",\"target\":{\"@type\":\"EntryPoint\",\"urlTemplate\":\"https:\/\/groc-restaurant.cat\/?s={search_term_string}\"},\"query-input\":\"required name=search_term_string\"}],\"inLanguage\":\"es\"},{\"@type\":\"Organization\",\"@id\":\"https:\/\/groc-restaurant.cat\/#organization\",\"name\":\"Groc Restaurant\",\"url\":\"https:\/\/groc-restaurant.cat\/\",\"logo\":{\"@type\":\"ImageObject\",\"inLanguage\":\"es\",\"@id\":\"https:\/\/groc-restaurant.cat\/#\/schema\/logo\/image\/\",\"url\":\"https:\/\/groc-restaurant.cat\/wp-content\/uploads\/2024\/07\/logo-blanc.png\",\"contentUrl\":\"https:\/\/groc-restaurant.cat\/wp-content\/uploads\/2024\/07\/logo-blanc.png\",\"width\":1332,\"height\":550,\"caption\":\"Groc Restaurant\"},\"image\":{\"@id\":\"https:\/\/groc-restaurant.cat\/#\/schema\/logo\/image\/\"}}]}<\/script>\n<!-- \/ Yoast SEO plugin. -->","yoast_head_json":{"title":"Pol\u00edtica de privacidad - Groc Restaurant","robots":{"index":"index","follow":"follow","max-snippet":"max-snippet:-1","max-image-preview":"max-image-preview:large","max-video-preview":"max-video-preview:-1"},"canonical":"https:\/\/groc-restaurant.cat\/politica-de-privacitat\/","og_locale":"es_ES","og_type":"article","og_title":"Pol\u00edtica de privacidad - Groc Restaurant","og_description":"[vc_row remove_bottom_col_margin=\u00bbtrue\u00bb css=\u00bb.vc_custom_1722590782122{padding-top: 70px !important;padding-bottom: 70px !important;}\u00bb][vc_column][vc_column_text css=\u00bb\u00bb] POL\u00cdTICA DE PRIVACIDAD Y PROTECCI\u00d3N DE DATOS En cumplimiento del Reglamento (UE) 2016\/679 del Parlamento Europeo y del Consejo, de 27 de abril de 2016, relativo a la protecci\u00f3n de las personas f\u00edsicas en lo que respecta al tratamiento de datos personales, por lo que se deroga&hellip;","og_url":"https:\/\/groc-restaurant.cat\/politica-de-privacitat\/","og_site_name":"Groc Restaurant","article_modified_time":"2024-08-09T09:29:23+00:00","twitter_card":"summary_large_image","twitter_misc":{"Tiempo de lectura":"6 minutos"},"schema":{"@context":"https:\/\/schema.org","@graph":[{"@type":"WebPage","@id":"https:\/\/groc-restaurant.cat\/politica-de-privacitat\/","url":"https:\/\/groc-restaurant.cat\/politica-de-privacitat\/","name":"Pol\u00edtica de privacidad - Groc Restaurant","isPartOf":{"@id":"https:\/\/groc-restaurant.cat\/#website"},"datePublished":"2023-06-07T09:56:34+00:00","dateModified":"2024-08-09T09:29:23+00:00","breadcrumb":{"@id":"https:\/\/groc-restaurant.cat\/politica-de-privacitat\/#breadcrumb"},"inLanguage":"es","potentialAction":[{"@type":"ReadAction","target":["https:\/\/groc-restaurant.cat\/politica-de-privacitat\/"]}]},{"@type":"BreadcrumbList","@id":"https:\/\/groc-restaurant.cat\/politica-de-privacitat\/#breadcrumb","itemListElement":[{"@type":"ListItem","position":1,"name":"Home","item":"https:\/\/groc-restaurant.cat\/es\/"},{"@type":"ListItem","position":2,"name":"Pol\u00edtica de privacidad"}]},{"@type":"WebSite","@id":"https:\/\/groc-restaurant.cat\/#website","url":"https:\/\/groc-restaurant.cat\/","name":"Groc Restaurant","description":"Cetrex new project","publisher":{"@id":"https:\/\/groc-restaurant.cat\/#organization"},"potentialAction":[{"@type":"SearchAction","target":{"@type":"EntryPoint","urlTemplate":"https:\/\/groc-restaurant.cat\/?s={search_term_string}"},"query-input":"required name=search_term_string"}],"inLanguage":"es"},{"@type":"Organization","@id":"https:\/\/groc-restaurant.cat\/#organization","name":"Groc Restaurant","url":"https:\/\/groc-restaurant.cat\/","logo":{"@type":"ImageObject","inLanguage":"es","@id":"https:\/\/groc-restaurant.cat\/#\/schema\/logo\/image\/","url":"https:\/\/groc-restaurant.cat\/wp-content\/uploads\/2024\/07\/logo-blanc.png","contentUrl":"https:\/\/groc-restaurant.cat\/wp-content\/uploads\/2024\/07\/logo-blanc.png","width":1332,"height":550,"caption":"Groc Restaurant"},"image":{"@id":"https:\/\/groc-restaurant.cat\/#\/schema\/logo\/image\/"}}]}},"_links":{"self":[{"href":"https:\/\/groc-restaurant.cat\/es\/wp-json\/wp\/v2\/pages\/6249"}],"collection":[{"href":"https:\/\/groc-restaurant.cat\/es\/wp-json\/wp\/v2\/pages"}],"about":[{"href":"https:\/\/groc-restaurant.cat\/es\/wp-json\/wp\/v2\/types\/page"}],"author":[{"embeddable":true,"href":"https:\/\/groc-restaurant.cat\/es\/wp-json\/wp\/v2\/users\/1"}],"replies":[{"embeddable":true,"href":"https:\/\/groc-restaurant.cat\/es\/wp-json\/wp\/v2\/comments?post=6249"}],"version-history":[{"count":2,"href":"https:\/\/groc-restaurant.cat\/es\/wp-json\/wp\/v2\/pages\/6249\/revisions"}],"predecessor-version":[{"id":6251,"href":"https:\/\/groc-restaurant.cat\/es\/wp-json\/wp\/v2\/pages\/6249\/revisions\/6251"}],"wp:attachment":[{"href":"https:\/\/groc-restaurant.cat\/es\/wp-json\/wp\/v2\/media?parent=6249"}],"curies":[{"name":"wp","href":"https:\/\/api.w.org\/{rel}","templated":true}]}}